{"id":2181,"date":"2025-11-26T02:03:03","date_gmt":"2025-11-26T01:03:03","guid":{"rendered":"https:\/\/www.entrepreneurskills.ch\/risultati-di-ricerca\/"},"modified":"2025-11-30T09:27:48","modified_gmt":"2025-11-30T08:27:48","slug":"risultati-di-ricerca","status":"publish","type":"page","link":"https:\/\/www.entrepreneurskills.ch\/it\/risultati-di-ricerca\/","title":{"rendered":"Risultati di ricerca"},"content":{"rendered":"<section class=\"l-section wpb_row u-reset section-no-bp height_auto\"><div class=\"l-section-h i-cf\"><div class=\"g-cols vc_row via_flex valign_top type_default stacking_default\"><div class=\"vc_col-sm-12 wpb_column vc_column_container\"><div class=\"vc_column-inner\"><div class=\"wpb_wrapper\"><div class=\"wpb_text_column text-28pt font-heavy-italic text-box text-box--70 u-text-midnight-green font-line-height-12\"><div class=\"wpb_wrapper\"><\/p>\n<h1><h2 class=\"w-post-elm post_title entry-title color_link_inherit\">Risultati di ricerca<\/h2><\/h1><\/p>\n<\/div><\/div><div class=\"w-separator size_small\"><\/div><div class=\"w-grid us_post_list search-results-grid for_current_wp_query apply_url_params type_grid layout_1818 cols_1 preload_style_spinner\" id=\"us_post_list_zc74\" style=\"--columns:1;--gap:1.2rem;\"><style>.layout_1818 .w-grid-item-h{}<\/style><div class=\"w-grid-list\">\t<article class=\"w-grid-item size_1x1 post-1983 post type-post status-publish format-standard has-post-thumbnail hentry category-attualita category-conoscenza\" data-id=\"1983\">\r\n\t\t<div class=\"w-grid-item-h\">\r\n\t\t\t\t\t\t\t<a href=\"https:\/\/www.entrepreneurskills.ch\/it\/il-nostro-team-conquista-loro-per-la-seconda-volta-agli-euroskills\/\" class=\"w-grid-item-anchor\" aria-label=\"Il nostro team conquista l&#8217;oro per la seconda volta agli EuroSkills!\"><\/a>\r\n\t\t\t\t\t\t<div class=\"w-vwrapper usg_vwrapper_1 search-results-item align_none valign_top\" style=\"--vwrapper-gap:0rem\"><p class=\"w-post-elm post_title usg_post_title_1 search-results__title entry-title color_link_inherit\">Il nostro team conquista l&#8217;oro per la seconda volta agli EuroSkills!<\/p><div class=\"w-post-elm post_content usg_post_content_1 search-results__content\"><p>Agli EuroSkills 2025 di Herning, Marlon Matthieu e Leonardo Soares Sousa hanno conquistato l&#8217;oro, imponendosi su dieci nazioni. La Svizzera rafforza cos\u00ec la sua posizione in questa disciplina giovane. Un sentito ringraziamento all&#8217;esperta Anna-Leena Marti e al coach Ralf.<\/p>\n<\/div><\/div>\t\t<\/div>\r\n\t\t\t<\/article>\r\n\t<article class=\"w-grid-item size_1x1 post-1987 post type-post status-publish format-standard has-post-thumbnail hentry category-evento\" data-id=\"1987\">\r\n\t\t<div class=\"w-grid-item-h\">\r\n\t\t\t\t\t\t\t<a href=\"https:\/\/www.entrepreneurskills.ch\/it\/swissskills-2025-un-successo-oltre-ogni-aspettativa\/\" class=\"w-grid-item-anchor\" aria-label=\"SwissSkills 2025: un successo oltre ogni aspettativa\"><\/a>\r\n\t\t\t\t\t\t<div class=\"w-vwrapper usg_vwrapper_1 search-results-item align_none valign_top\" style=\"--vwrapper-gap:0rem\"><p class=\"w-post-elm post_title usg_post_title_1 search-results__title entry-title color_link_inherit\">SwissSkills 2025: un successo oltre ogni aspettativa<\/p><div class=\"w-post-elm post_content usg_post_content_1 search-results__content\"><p>Allo SwissSkills 2025, le nove migliori squadre hanno presentato le loro idee imprenditoriali relative alla sfida \u00abL&#8217;uso dell&#8217;intelligenza artificiale nell&#8217;istruzione\u00bb. L&#8217;oro \u00e8 andato a Jana St\u00f6ri ed Elina von Fl\u00fceh, l&#8217;argento a Kevin Willeit e Michael Epper, il bronzo a Logan Bart e Max Davet.<\/p>\n<\/div><\/div>\t\t<\/div>\r\n\t\t\t<\/article>\r\n\t<article class=\"w-grid-item size_1x1 post-1999 post type-post status-publish format-standard has-post-thumbnail hentry category-attualita category-conoscenza\" data-id=\"1999\">\r\n\t\t<div class=\"w-grid-item-h\">\r\n\t\t\t\t\t\t\t<a href=\"https:\/\/www.entrepreneurskills.ch\/it\/rivivere-i-ricordi-aftermovie-swissskills-2025\/\" class=\"w-grid-item-anchor\" aria-label=\"Rivivere i ricordi: Aftermovie SwissSkills 2025\"><\/a>\r\n\t\t\t\t\t\t<div class=\"w-vwrapper usg_vwrapper_1 search-results-item align_none valign_top\" style=\"--vwrapper-gap:0rem\"><p class=\"w-post-elm post_title usg_post_title_1 search-results__title entry-title color_link_inherit\">Rivivere i ricordi: Aftermovie SwissSkills 2025<\/p><div class=\"w-post-elm post_content usg_post_content_1 search-results__content\"><p>Il nostro media partner Jump TV ha immortalato in un video i momenti emozionanti, lo spirito di squadra e l&#8217;impegno di tutti i partecipanti a Berna.<\/p>\n<\/div><\/div>\t\t<\/div>\r\n\t\t\t<\/article>\r\n\t<article class=\"w-grid-item size_1x1 post-1990 post type-post status-publish format-standard has-post-thumbnail hentry category-attualita category-conoscenza\" data-id=\"1990\">\r\n\t\t<div class=\"w-grid-item-h\">\r\n\t\t\t\t\t\t\t<a href=\"https:\/\/www.entrepreneurskills.ch\/it\/cosa-si-impara-effettivamente-con-entrepreneurskills\/\" class=\"w-grid-item-anchor\" aria-label=\"Cosa si impara effettivamente con EntrepreneurSkills?\"><\/a>\r\n\t\t\t\t\t\t<div class=\"w-vwrapper usg_vwrapper_1 search-results-item align_none valign_top\" style=\"--vwrapper-gap:0rem\"><p class=\"w-post-elm post_title usg_post_title_1 search-results__title entry-title color_link_inherit\">Cosa si impara effettivamente con EntrepreneurSkills?<\/p><div class=\"w-post-elm post_content usg_post_content_1 search-results__content\"><p>Nella nostra competizione professionale, imparare rapidamente nuove competenze imprenditoriali \u00e8 importante tanto quanto dimostrare i punti di forza della propria professione.<\/p>\n<\/div><\/div>\t\t<\/div>\r\n\t\t\t<\/article>\r\n\t<article class=\"w-grid-item size_1x1 post-2001 post type-post status-publish format-standard has-post-thumbnail hentry category-evento\" data-id=\"2001\">\r\n\t\t<div class=\"w-grid-item-h\">\r\n\t\t\t\t\t\t\t<a href=\"https:\/\/www.entrepreneurskills.ch\/it\/i-nostri-campioni-europei-raddoppiano-il-successo-alleuropean-youth-start-challenge-in-albania\/\" class=\"w-grid-item-anchor\" aria-label=\"I nostri campioni europei raddoppiano il successo all&#8217;European Youth Start Challenge in Albania\"><\/a>\r\n\t\t\t\t\t\t<div class=\"w-vwrapper usg_vwrapper_1 search-results-item align_none valign_top\" style=\"--vwrapper-gap:0rem\"><p class=\"w-post-elm post_title usg_post_title_1 search-results__title entry-title color_link_inherit\">I nostri campioni europei raddoppiano il successo all&#8217;European Youth Start Challenge in Albania<\/p><div class=\"w-post-elm post_content usg_post_content_1 search-results__content\"><p>Leonardo Soares Sousa e Marlon Matthieu hanno convinto alla \u00abFight Fake News Challenge\u00bb in Albania e, dopo la vittoria al MyIdea Award 2025, hanno conquistato nuovamente l&#8217;argento.<\/p>\n<\/div><\/div>\t\t<\/div>\r\n\t\t\t<\/article>\r\n\t<article class=\"w-grid-item size_1x1 post-2005 post type-post status-publish format-standard has-post-thumbnail hentry category-attualita category-conoscenza\" data-id=\"2005\">\r\n\t\t<div class=\"w-grid-item-h\">\r\n\t\t\t\t\t\t\t<a href=\"https:\/\/www.entrepreneurskills.ch\/it\/il-vicecampione-svizzero-kevin-willeit-lancia-la-sua-startup-findmee-dopo-swissskills\/\" class=\"w-grid-item-anchor\" aria-label=\"Il vicecampione svizzero Kevin Willeit lancia la sua startup Findmee dopo SwissSkills\"><\/a>\r\n\t\t\t\t\t\t<div class=\"w-vwrapper usg_vwrapper_1 search-results-item align_none valign_top\" style=\"--vwrapper-gap:0rem\"><p class=\"w-post-elm post_title usg_post_title_1 search-results__title entry-title color_link_inherit\">Il vicecampione svizzero Kevin Willeit lancia la sua startup Findmee dopo SwissSkills<\/p><div class=\"w-post-elm post_content usg_post_content_1 search-results__content\"><p>Dopo gli SwissSkills, Kevin Willeit ha lanciato la sua startup Findmee: sensori di precisione per il settore edile, insieme al cofondatore Janik Meier, premiata come migliore startup tecnologica della Svizzera sud-orientale.<\/p>\n<\/div><\/div>\t\t<\/div>\r\n\t\t\t<\/article>\r\n\t<article class=\"w-grid-item size_1x1 post-2008 post type-post status-publish format-standard has-post-thumbnail hentry category-attualita category-conoscenza\" data-id=\"2008\">\r\n\t\t<div class=\"w-grid-item-h\">\r\n\t\t\t\t\t\t\t<a href=\"https:\/\/www.entrepreneurskills.ch\/it\/swissskills-golden-girls-e-euroskills-golden-guys-al-prix-suisse-2025\/\" class=\"w-grid-item-anchor\" aria-label=\"SwissSkills Golden Girls e EuroSkills Golden Guys al Prix Suisse 2025\"><\/a>\r\n\t\t\t\t\t\t<div class=\"w-vwrapper usg_vwrapper_1 search-results-item align_none valign_top\" style=\"--vwrapper-gap:0rem\"><p class=\"w-post-elm post_title usg_post_title_1 search-results__title entry-title color_link_inherit\">SwissSkills Golden Girls e EuroSkills Golden Guys al Prix Suisse 2025<\/p><div class=\"w-post-elm post_content usg_post_content_1 search-results__content\"><p>Le vincitrici degli SwissSkills e le campionesse degli EuroSkills sono state premiate al Prix Suisse 2025 e hanno trascorso una serata di gala ricca di ispirazione insieme a personalit\u00e0 del mondo dell&#8217;economia e della politica.<\/p>\n<\/div><\/div>\t\t<\/div>\r\n\t\t\t<\/article>\r\n\t<article class=\"w-grid-item size_1x1 post-2011 post type-post status-publish format-standard has-post-thumbnail hentry category-attualita category-evento\" data-id=\"2011\">\r\n\t\t<div class=\"w-grid-item-h\">\r\n\t\t\t\t\t\t\t<a href=\"https:\/\/www.entrepreneurskills.ch\/it\/le-sedi-dei-campionati-regionali-2026-sono-state-definite\/\" class=\"w-grid-item-anchor\" aria-label=\"Le sedi dei campionati regionali 2026 sono state definite\"><\/a>\r\n\t\t\t\t\t\t<div class=\"w-vwrapper usg_vwrapper_1 search-results-item align_none valign_top\" style=\"--vwrapper-gap:0rem\"><p class=\"w-post-elm post_title usg_post_title_1 search-results__title entry-title color_link_inherit\">Le sedi dei campionati regionali 2026 sono state definite<\/p><div class=\"w-post-elm post_content usg_post_content_1 search-results__content\"><p>I campionati regionali 2026 si svolgeranno in tutta la Svizzera, con nuovi rinforzi nella Svizzera occidentale e il sostegno delle Camere di commercio. Le iscrizioni saranno aperte a partire da dicembre 2025.<\/p>\n<\/div><\/div>\t\t<\/div>\r\n\t\t\t<\/article>\r\n\t<article class=\"w-grid-item size_1x1 post-2014 post type-post status-publish format-standard has-post-thumbnail hentry category-evento\" data-id=\"2014\">\r\n\t\t<div class=\"w-grid-item-h\">\r\n\t\t\t\t\t\t\t<a href=\"https:\/\/www.entrepreneurskills.ch\/it\/campionati-regionali-di-imprenditorialita-2026-iscrizioni-aperte\/\" class=\"w-grid-item-anchor\" aria-label=\"Campionati regionali di imprenditorialit\u00e0 2026 \u2013 Iscrizioni aperte!\"><\/a>\r\n\t\t\t\t\t\t<div class=\"w-vwrapper usg_vwrapper_1 search-results-item align_none valign_top\" style=\"--vwrapper-gap:0rem\"><p class=\"w-post-elm post_title usg_post_title_1 search-results__title entry-title color_link_inherit\">Campionati regionali di imprenditorialit\u00e0 2026 \u2013 Iscrizioni aperte!<\/p><div class=\"w-post-elm post_content usg_post_content_1 search-results__content\"><p>Iscriviti ora ai Campionati regionali di imprenditorialit\u00e0 2026! Sviluppa un&#8217;idea imprenditoriale in un solo giorno, senza conoscenze preliminari. I posti sono limitati!<\/p>\n<\/div><\/div>\t\t<\/div>\r\n\t\t\t<\/article>\r\n\t<article class=\"w-grid-item size_1x1 post-2017 post type-post status-publish format-standard has-post-thumbnail hentry category-evento\" data-id=\"2017\">\r\n\t\t<div class=\"w-grid-item-h\">\r\n\t\t\t\t\t\t\t<a href=\"https:\/\/www.entrepreneurskills.ch\/it\/la-formazione-professionale-ict-e-entrepreneurskills-promuovono-insieme-i-talenti-imprenditoriali\/\" class=\"w-grid-item-anchor\" aria-label=\"La formazione professionale ICT e EntrepreneurSkills promuovono insieme i talenti imprenditoriali\"><\/a>\r\n\t\t\t\t\t\t<div class=\"w-vwrapper usg_vwrapper_1 search-results-item align_none valign_top\" style=\"--vwrapper-gap:0rem\"><p class=\"w-post-elm post_title usg_post_title_1 search-results__title entry-title color_link_inherit\">La formazione professionale ICT e EntrepreneurSkills promuovono insieme i talenti imprenditoriali<\/p><div class=\"w-post-elm post_content usg_post_content_1 search-results__content\"><p>La formazione professionale ICT e EntrepreneurSkills promuovono insieme i talenti: medaglie conquistate con successo, ottime prestazioni agli SwissSkills e preziosi scambi per l&#8217;ulteriore sviluppo delle competizioni.<\/p>\n<\/div><\/div>\t\t<\/div>\r\n\t\t\t<\/article>\r\n<\/div><div class=\"g-loadmore hidden\"><div class=\"g-preloader type_1\"><div><\/div><\/div><\/div><div class=\"w-grid-list-json hidden\" onclick='return {&quot;max_num_pages&quot;:0,&quot;paginationBase&quot;:&quot;page&quot;,&quot;pagination&quot;:&quot;none&quot;,&quot;paged&quot;:1,&quot;ajaxData&quot;:{&quot;us_ajax_list_pagination&quot;:1,&quot;us_ajax_list_index&quot;:0,&quot;found_posts&quot;:0,&quot;list_filters&quot;:&quot;[]&quot;},&quot;facetedFilter&quot;:{&quot;query_args_unfiltered&quot;:&quot;{\\&quot;ignore_sticky_posts\\&quot;:true,\\&quot;post__not_in\\&quot;:[],\\&quot;tax_query\\&quot;:[],\\&quot;meta_query\\&quot;:[],\\&quot;posts_per_page\\&quot;:null,\\&quot;paged\\&quot;:1,\\&quot;apply_list_url_params\\&quot;:true,\\&quot;no_found_rows\\&quot;:true,\\&quot;post_status\\&quot;:\\&quot;publish\\&quot;}&quot;},&quot;ajaxUrl&quot;:&quot;https:\\\/\\\/www.entrepreneurskills.ch\\\/it\\\/wp-json\\\/wp\\\/v2\\\/pages\\\/2181\\\/?paged=%7Bnum_page%7D&quot;}'><\/div><\/div><\/div><\/div><\/div><\/div><\/div><\/section><section class=\"l-section wpb_row footer-cta-row u-reset u-pt-xl height_auto\"><div class=\"l-section-h i-cf\"><div class=\"g-cols vc_row via_flex valign_top type_default stacking_default\"><div class=\"vc_col-sm-12 wpb_column vc_column_container\"><div class=\"vc_column-inner\"><div class=\"wpb_wrapper\"><div class=\"w-html footer-cta-anchor\">  <span class=\"full-circle-badge \" id=\"fcb_69f4b7f27f1e2\" style=\"--fcb-size:240px\">\n    <svg class=\"fcb-svg\" viewBox=\"0 0 240 240\" width=\"240\" height=\"240\" aria-hidden=\"true\" role=\"img\">\n      <defs>\n        <!-- center-rotated gradient -->\n        <linearGradient id=\"fcb_69f4b7f27f1e2_grad\" x1=\"0%\" y1=\"100%\" x2=\"100%\" y2=\"-25%\"\n          gradientTransform=\"rotate(18, 0.5, 0.5)\">\n          <stop offset=\"0%\"   stop-color=\"#642875\"\/>\n          <stop offset=\"35%\"   stop-color=\"#642875\"\/>\n          <stop offset=\"100%\" stop-color=\"#cdbfd3\"\/>\n        <\/linearGradient>\n      <\/defs>\n      <circle cx=\"120\" cy=\"120\" r=\"120\" fill=\"url(#fcb_69f4b7f27f1e2_grad)\"><\/circle>\n    <\/svg>\n    <a class=\"fcb-link\" href=\"\/it\/iscriviti-ora\/\" target=\"_self\"\"><span class=\"fcb-text\" style=\"hyphens:none!important;-webkit-hyphens:none!important;-ms-hyphens:none!important;word-break:normal!important;overflow-wrap:normal!important; --fcb-vshift:-15%;\">\n        <span class=\"fcb-head\" style=\"width: 80%;\">Hai altre<br \/>domande?<\/span>\n        <span class=\"fcb-sub\">Contattaci, ti aiuteremo.<\/span>\n     <\/span><\/a>  <\/span>\n  <\/div><\/div><\/div><\/div><\/div><\/div><\/section>\n","protected":false},"excerpt":{"rendered":"I talenti delle professioni ICT ottengono regolarmente degli ottimi risultati nelle nostre competizioni. Agli SwissSkills 2025, le mediamatiche Jana St\u00f6ri ed Elina von Fl\u00fceh si sono aggiudicate il primo posto, mentre il secondo \u00e8 andato agli sviluppatori di applicazioni Kevin Willeit e Michael Epper. A questi si aggiungono numerosi vincitori dei campionati regionali e, naturalmente,...","protected":false},"author":1,"featured_media":0,"parent":0,"menu_order":0,"comment_status":"closed","ping_status":"closed","template":"","meta":{"_acf_changed":false,"_seopress_robots_primary_cat":"","_seopress_titles_title":"","_seopress_titles_desc":"","_seopress_robots_index":"","footnotes":""},"class_list":["post-2181","page","type-page","status-publish","hentry"],"acf":[],"_links":{"self":[{"href":"https:\/\/www.entrepreneurskills.ch\/it\/wp-json\/wp\/v2\/pages\/2181","targetHints":{"allow":["GET"]}}],"collection":[{"href":"https:\/\/www.entrepreneurskills.ch\/it\/wp-json\/wp\/v2\/pages"}],"about":[{"href":"https:\/\/www.entrepreneurskills.ch\/it\/wp-json\/wp\/v2\/types\/page"}],"author":[{"embeddable":true,"href":"https:\/\/www.entrepreneurskills.ch\/it\/wp-json\/wp\/v2\/users\/1"}],"replies":[{"embeddable":true,"href":"https:\/\/www.entrepreneurskills.ch\/it\/wp-json\/wp\/v2\/comments?post=2181"}],"version-history":[{"count":2,"href":"https:\/\/www.entrepreneurskills.ch\/it\/wp-json\/wp\/v2\/pages\/2181\/revisions"}],"predecessor-version":[{"id":2183,"href":"https:\/\/www.entrepreneurskills.ch\/it\/wp-json\/wp\/v2\/pages\/2181\/revisions\/2183"}],"wp:attachment":[{"href":"https:\/\/www.entrepreneurskills.ch\/it\/wp-json\/wp\/v2\/media?parent=2181"}],"curies":[{"name":"wp","href":"https:\/\/api.w.org\/{rel}","templated":true}]}}