{"id":2177,"date":"2025-11-26T02:03:03","date_gmt":"2025-11-26T01:03:03","guid":{"rendered":"https:\/\/www.entrepreneurskills.ch\/resultats-de-recherche\/"},"modified":"2025-12-08T01:25:27","modified_gmt":"2025-12-08T00:25:27","slug":"resultats-de-recherche","status":"publish","type":"page","link":"https:\/\/www.entrepreneurskills.ch\/fr\/resultats-de-recherche\/","title":{"rendered":"R\u00e9sultats de recherche"},"content":{"rendered":"<section class=\"l-section wpb_row u-reset section-no-bp height_auto\"><div class=\"l-section-h i-cf\"><div class=\"g-cols vc_row via_flex valign_top type_default stacking_default\"><div class=\"vc_col-sm-12 wpb_column vc_column_container\"><div class=\"vc_column-inner\"><div class=\"wpb_wrapper\"><div class=\"wpb_text_column text-28pt font-heavy-italic text-box text-box--70 u-text-midnight-green font-line-height-12\"><div class=\"wpb_wrapper\"><h1><h2 class=\"w-post-elm post_title entry-title color_link_inherit\">R\u00e9sultats de recherche<\/h2><\/h1>\n<\/div><\/div><div class=\"w-separator size_small\"><\/div><div class=\"w-grid us_post_list search-results-grid for_current_wp_query apply_url_params type_grid layout_1818 cols_1 preload_style_spinner\" id=\"us_post_list_se0e\" style=\"--columns:1;--gap:1.2rem;\"><style>.layout_1818 .w-grid-item-h{}<\/style><div class=\"w-grid-list\">\t<article class=\"w-grid-item size_1x1 post-2023 post type-post status-publish format-standard has-post-thumbnail hentry category-actualites category-connaissances\" data-id=\"2023\">\r\n\t\t<div class=\"w-grid-item-h\">\r\n\t\t\t\t\t\t\t<a href=\"https:\/\/www.entrepreneurskills.ch\/fr\/notre-equipe-remporte-lor-pour-la-deuxieme-fois-aux-euroskills\/\" class=\"w-grid-item-anchor\" aria-label=\"Notre \u00e9quipe remporte l&#8217;or pour la deuxi\u00e8me fois aux EuroSkills !\"><\/a>\r\n\t\t\t\t\t\t<div class=\"w-vwrapper usg_vwrapper_1 search-results-item align_none valign_top\" style=\"--vwrapper-gap:0rem\"><p class=\"w-post-elm post_title usg_post_title_1 search-results__title entry-title color_link_inherit\">Notre \u00e9quipe remporte l&#8217;or pour la deuxi\u00e8me fois aux EuroSkills !<\/p><div class=\"w-post-elm post_content usg_post_content_1 search-results__content\"><p>Lors des EuroSkills 2025 \u00e0 Herning, Marlon Matthieu et Leonardo Soares Sousa ont remport\u00e9 la m\u00e9daille d&#8217;or et se sont impos\u00e9s face \u00e0 dix nations. La Suisse renforce ainsi sa position dans cette discipline r\u00e9cente. Un grand merci \u00e0 l&#8217;experte Anna-Leena Marti et \u00e0 l&#8217;entra\u00eeneur Ralf.<\/p>\n<\/div><\/div>\t\t<\/div>\r\n\t\t\t<\/article>\r\n\t<article class=\"w-grid-item size_1x1 post-2027 post type-post status-publish format-standard has-post-thumbnail hentry category-evenement\" data-id=\"2027\">\r\n\t\t<div class=\"w-grid-item-h\">\r\n\t\t\t\t\t\t\t<a href=\"https:\/\/www.entrepreneurskills.ch\/fr\/swissskills-2025-un-succes-au-dela-de-toute-attente\/\" class=\"w-grid-item-anchor\" aria-label=\"SwissSkills 2025 \u2013 un succ\u00e8s au-del\u00e0 de toute attente\"><\/a>\r\n\t\t\t\t\t\t<div class=\"w-vwrapper usg_vwrapper_1 search-results-item align_none valign_top\" style=\"--vwrapper-gap:0rem\"><p class=\"w-post-elm post_title usg_post_title_1 search-results__title entry-title color_link_inherit\">SwissSkills 2025 \u2013 un succ\u00e8s au-del\u00e0 de toute attente<\/p><div class=\"w-post-elm post_content usg_post_content_1 search-results__content\"><p>Lors des SwissSkills 2025, les neuf meilleures \u00e9quipes ont pr\u00e9sent\u00e9 leurs id\u00e9es commerciales sur le th\u00e8me \u00ab Utilisation de l&#8217;IA dans l&#8217;\u00e9ducation \u00bb. L&#8217;or a \u00e9t\u00e9 d\u00e9cern\u00e9 \u00e0 Jana St\u00f6ri et Elina von Fl\u00fceh, l&#8217;argent \u00e0 Kevin Willeit et Michael Epper, et le bronze \u00e0 Logan Bart et Max Davet.<\/p>\n<\/div><\/div>\t\t<\/div>\r\n\t\t\t<\/article>\r\n\t<article class=\"w-grid-item size_1x1 post-2030 post type-post status-publish format-standard has-post-thumbnail hentry category-actualites category-connaissances\" data-id=\"2030\">\r\n\t\t<div class=\"w-grid-item-h\">\r\n\t\t\t\t\t\t\t<a href=\"https:\/\/www.entrepreneurskills.ch\/fr\/se-rememorer-les-bons-moments-aftermovie-swissskills-2025\/\" class=\"w-grid-item-anchor\" aria-label=\"Se rem\u00e9morer les bons moments : aftermovie SwissSkills 2025\"><\/a>\r\n\t\t\t\t\t\t<div class=\"w-vwrapper usg_vwrapper_1 search-results-item align_none valign_top\" style=\"--vwrapper-gap:0rem\"><p class=\"w-post-elm post_title usg_post_title_1 search-results__title entry-title color_link_inherit\">Se rem\u00e9morer les bons moments : aftermovie SwissSkills 2025<\/p><div class=\"w-post-elm post_content usg_post_content_1 search-results__content\"><p>Notre partenaire m\u00e9dia Jump TV a immortalis\u00e9 sur vid\u00e9o les moments \u00e9mouvants, l&#8217;esprit d&#8217;\u00e9quipe et l&#8217;engagement de toutes les personnes impliqu\u00e9es \u00e0 Berne.<\/p>\n<\/div><\/div>\t\t<\/div>\r\n\t\t\t<\/article>\r\n\t<article class=\"w-grid-item size_1x1 post-2032 post type-post status-publish format-standard has-post-thumbnail hentry category-actualites category-connaissances\" data-id=\"2032\">\r\n\t\t<div class=\"w-grid-item-h\">\r\n\t\t\t\t\t\t\t<a href=\"https:\/\/www.entrepreneurskills.ch\/fr\/quapprend-on-reellement-chez-entrepreneurskills\/\" class=\"w-grid-item-anchor\" aria-label=\"Qu&#8217;apprend-on r\u00e9ellement chez EntrepreneurSkills ?\"><\/a>\r\n\t\t\t\t\t\t<div class=\"w-vwrapper usg_vwrapper_1 search-results-item align_none valign_top\" style=\"--vwrapper-gap:0rem\"><p class=\"w-post-elm post_title usg_post_title_1 search-results__title entry-title color_link_inherit\">Qu&#8217;apprend-on r\u00e9ellement chez EntrepreneurSkills ?<\/p><div class=\"w-post-elm post_content usg_post_content_1 search-results__content\"><p>Dans notre concours professionnel, l&#8217;apprentissage rapide de nouvelles comp\u00e9tences entrepreneuriales est tout aussi important que la mise en avant des atouts propres \u00e0 notre m\u00e9tier.<\/p>\n<\/div><\/div>\t\t<\/div>\r\n\t\t\t<\/article>\r\n\t<article class=\"w-grid-item size_1x1 post-2034 post type-post status-publish format-standard has-post-thumbnail hentry category-evenement\" data-id=\"2034\">\r\n\t\t<div class=\"w-grid-item-h\">\r\n\t\t\t\t\t\t\t<a href=\"https:\/\/www.entrepreneurskills.ch\/fr\/nos-champions-deurope-remettent-leur-titre-en-jeu-lors-de-leuropean-youth-start-challenge-en-albanie\/\" class=\"w-grid-item-anchor\" aria-label=\"Nos champions d&#8217;Europe remettent leur titre en jeu lors de l&#8217;European Youth Start Challenge en Albanie\"><\/a>\r\n\t\t\t\t\t\t<div class=\"w-vwrapper usg_vwrapper_1 search-results-item align_none valign_top\" style=\"--vwrapper-gap:0rem\"><p class=\"w-post-elm post_title usg_post_title_1 search-results__title entry-title color_link_inherit\">Nos champions d&#8217;Europe remettent leur titre en jeu lors de l&#8217;European Youth Start Challenge en Albanie<\/p><div class=\"w-post-elm post_content usg_post_content_1 search-results__content\"><p>Leonardo Soares Sousa et Marlon Matthieu ont convaincu lors du \u00ab Fight Fake News Challenge \u00bb en Albanie et ont remport\u00e9 une nouvelle fois la m\u00e9daille d&#8217;argent apr\u00e8s leur victoire au MyIdea Award 2025.<\/p>\n<\/div><\/div>\t\t<\/div>\r\n\t\t\t<\/article>\r\n\t<article class=\"w-grid-item size_1x1 post-2040 post type-post status-publish format-standard has-post-thumbnail hentry category-actualites category-connaissances\" data-id=\"2040\">\r\n\t\t<div class=\"w-grid-item-h\">\r\n\t\t\t\t\t\t\t<a href=\"https:\/\/www.entrepreneurskills.ch\/fr\/le-vice-champion-suisse-kevin-willeit-lance-sa-propre-start-up-findmee-apres-swissskills\/\" class=\"w-grid-item-anchor\" aria-label=\"Le vice-champion suisse Kevin Willeit lance sa propre start-up Findmee apr\u00e8s SwissSkills\"><\/a>\r\n\t\t\t\t\t\t<div class=\"w-vwrapper usg_vwrapper_1 search-results-item align_none valign_top\" style=\"--vwrapper-gap:0rem\"><p class=\"w-post-elm post_title usg_post_title_1 search-results__title entry-title color_link_inherit\">Le vice-champion suisse Kevin Willeit lance sa propre start-up Findmee apr\u00e8s SwissSkills<\/p><div class=\"w-post-elm post_content usg_post_content_1 search-results__content\"><p>Apr\u00e8s les SwissSkills, Kevin Willeit a lanc\u00e9 sa start-up Findmee : des capteurs de pr\u00e9cision pour le secteur de la construction, en collaboration avec son cofondateur Janik Meier \u2013 r\u00e9compens\u00e9e comme meilleure start-up technologique du sud-est de la Suisse.<\/p>\n<\/div><\/div>\t\t<\/div>\r\n\t\t\t<\/article>\r\n\t<article class=\"w-grid-item size_1x1 post-2043 post type-post status-publish format-standard has-post-thumbnail hentry category-actualites category-connaissances\" data-id=\"2043\">\r\n\t\t<div class=\"w-grid-item-h\">\r\n\t\t\t\t\t\t\t<a href=\"https:\/\/www.entrepreneurskills.ch\/fr\/les-swissskills-golden-girls-et-les-euroskills-golden-guys-au-prix-suisse-2025\/\" class=\"w-grid-item-anchor\" aria-label=\"Les SwissSkills Golden Girls et les EuroSkills Golden Guys au Prix Suisse 2025\"><\/a>\r\n\t\t\t\t\t\t<div class=\"w-vwrapper usg_vwrapper_1 search-results-item align_none valign_top\" style=\"--vwrapper-gap:0rem\"><p class=\"w-post-elm post_title usg_post_title_1 search-results__title entry-title color_link_inherit\">Les SwissSkills Golden Girls et les EuroSkills Golden Guys au Prix Suisse 2025<\/p><div class=\"w-post-elm post_content usg_post_content_1 search-results__content\"><p>Les laur\u00e9ates des SwissSkills et les champions des EuroSkills ont \u00e9t\u00e9 honor\u00e9s lors du Prix Suisse 2025 et ont pass\u00e9 une soir\u00e9e de gala inspirante en compagnie de personnalit\u00e9s du monde \u00e9conomique et politique.<\/p>\n<\/div><\/div>\t\t<\/div>\r\n\t\t\t<\/article>\r\n\t<article class=\"w-grid-item size_1x1 post-2046 post type-post status-publish format-standard has-post-thumbnail hentry category-actualites category-evenement\" data-id=\"2046\">\r\n\t\t<div class=\"w-grid-item-h\">\r\n\t\t\t\t\t\t\t<a href=\"https:\/\/www.entrepreneurskills.ch\/fr\/les-sites-des-championnats-regionaux-2026-sont-desormais-connus\/\" class=\"w-grid-item-anchor\" aria-label=\"Les sites des championnats r\u00e9gionaux 2026 sont d\u00e9sormais connus\"><\/a>\r\n\t\t\t\t\t\t<div class=\"w-vwrapper usg_vwrapper_1 search-results-item align_none valign_top\" style=\"--vwrapper-gap:0rem\"><p class=\"w-post-elm post_title usg_post_title_1 search-results__title entry-title color_link_inherit\">Les sites des championnats r\u00e9gionaux 2026 sont d\u00e9sormais connus<\/p><div class=\"w-post-elm post_content usg_post_content_1 search-results__content\"><p>Les championnats r\u00e9gionaux 2026 auront lieu dans toute la Suisse, avec un nouveau renfort en Suisse romande et le soutien des chambres de commerce. Les inscriptions seront ouvertes \u00e0 partir de d\u00e9cembre 2025.<\/p>\n<\/div><\/div>\t\t<\/div>\r\n\t\t\t<\/article>\r\n\t<article class=\"w-grid-item size_1x1 post-2049 post type-post status-publish format-standard has-post-thumbnail hentry category-evenement\" data-id=\"2049\">\r\n\t\t<div class=\"w-grid-item-h\">\r\n\t\t\t\t\t\t\t<a href=\"https:\/\/www.entrepreneurskills.ch\/fr\/championnats-regionaux-dentrepreneuriat-2026-inscriptions-ouvertes\/\" class=\"w-grid-item-anchor\" aria-label=\"Championnats r\u00e9gionaux d&#8217;entrepreneuriat 2026 \u2013 Inscriptions ouvertes !\"><\/a>\r\n\t\t\t\t\t\t<div class=\"w-vwrapper usg_vwrapper_1 search-results-item align_none valign_top\" style=\"--vwrapper-gap:0rem\"><p class=\"w-post-elm post_title usg_post_title_1 search-results__title entry-title color_link_inherit\">Championnats r\u00e9gionaux d&#8217;entrepreneuriat 2026 \u2013 Inscriptions ouvertes !<\/p><div class=\"w-post-elm post_content usg_post_content_1 search-results__content\"><p>Inscrivez-vous d\u00e8s maintenant aux championnats r\u00e9gionaux d&#8217;entrepreneuriat 2026 ! D\u00e9veloppez une id\u00e9e commerciale en une journ\u00e9e, sans connaissances pr\u00e9alables. Les places sont limit\u00e9es !<\/p>\n<\/div><\/div>\t\t<\/div>\r\n\t\t\t<\/article>\r\n\t<article class=\"w-grid-item size_1x1 post-2052 post type-post status-publish format-standard has-post-thumbnail hentry category-evenement\" data-id=\"2052\">\r\n\t\t<div class=\"w-grid-item-h\">\r\n\t\t\t\t\t\t\t<a href=\"https:\/\/www.entrepreneurskills.ch\/fr\/la-formation-professionnelle-en-tic-et-entrepreneurskills-encouragent-ensemble-les-talents-entrepreneuriaux\/\" class=\"w-grid-item-anchor\" aria-label=\"La formation professionnelle en TIC et EntrepreneurSkills encouragent ensemble les talents entrepreneuriaux\"><\/a>\r\n\t\t\t\t\t\t<div class=\"w-vwrapper usg_vwrapper_1 search-results-item align_none valign_top\" style=\"--vwrapper-gap:0rem\"><p class=\"w-post-elm post_title usg_post_title_1 search-results__title entry-title color_link_inherit\">La formation professionnelle en TIC et EntrepreneurSkills encouragent ensemble les talents entrepreneuriaux<\/p><div class=\"w-post-elm post_content usg_post_content_1 search-results__content\"><p>La formation professionnelle en TIC et EntrepreneurSkills encouragent ensemble les talents : m\u00e9daill\u00e9s couronn\u00e9s de succ\u00e8s, excellentes performances aux SwissSkills et \u00e9changes pr\u00e9cieux pour le d\u00e9veloppement des concours.<\/p>\n<\/div><\/div>\t\t<\/div>\r\n\t\t\t<\/article>\r\n<\/div><div class=\"g-loadmore hidden\"><div class=\"g-preloader type_1\"><div><\/div><\/div><\/div><div class=\"w-grid-list-json hidden\" onclick='return {&quot;max_num_pages&quot;:0,&quot;paginationBase&quot;:&quot;page&quot;,&quot;pagination&quot;:&quot;none&quot;,&quot;paged&quot;:1,&quot;ajaxData&quot;:{&quot;us_ajax_list_pagination&quot;:1,&quot;us_ajax_list_index&quot;:0,&quot;found_posts&quot;:0,&quot;list_filters&quot;:&quot;[]&quot;},&quot;facetedFilter&quot;:{&quot;query_args_unfiltered&quot;:&quot;{\\&quot;ignore_sticky_posts\\&quot;:true,\\&quot;post__not_in\\&quot;:[],\\&quot;tax_query\\&quot;:[],\\&quot;meta_query\\&quot;:[],\\&quot;posts_per_page\\&quot;:null,\\&quot;paged\\&quot;:1,\\&quot;apply_list_url_params\\&quot;:true,\\&quot;no_found_rows\\&quot;:true,\\&quot;post_status\\&quot;:\\&quot;publish\\&quot;}&quot;},&quot;ajaxUrl&quot;:&quot;https:\\\/\\\/www.entrepreneurskills.ch\\\/fr\\\/wp-json\\\/wp\\\/v2\\\/pages\\\/2177\\\/?paged=%7Bnum_page%7D&quot;}'><\/div><\/div><\/div><\/div><\/div><\/div><\/div><\/section><section class=\"l-section wpb_row footer-cta-row u-reset u-pt-xl height_auto\"><div class=\"l-section-h i-cf\"><div class=\"g-cols vc_row via_flex valign_top type_default stacking_default\"><div class=\"vc_col-sm-12 wpb_column vc_column_container\"><div class=\"vc_column-inner\"><div class=\"wpb_wrapper\"><div class=\"w-html footer-cta-anchor\">  <span class=\"full-circle-badge \" id=\"fcb_69f4cce26c3d0\" style=\"--fcb-size:240px\">\n    <svg class=\"fcb-svg\" viewBox=\"0 0 240 240\" width=\"240\" height=\"240\" aria-hidden=\"true\" role=\"img\">\n      <defs>\n        <!-- center-rotated gradient -->\n        <linearGradient id=\"fcb_69f4cce26c3d0_grad\" x1=\"0%\" y1=\"100%\" x2=\"100%\" y2=\"-25%\"\n          gradientTransform=\"rotate(18, 0.5, 0.5)\">\n          <stop offset=\"0%\"   stop-color=\"#642875\"\/>\n          <stop offset=\"35%\"   stop-color=\"#642875\"\/>\n          <stop offset=\"100%\" stop-color=\"#cdbfd3\"\/>\n        <\/linearGradient>\n      <\/defs>\n      <circle cx=\"120\" cy=\"120\" r=\"120\" fill=\"url(#fcb_69f4cce26c3d0_grad)\"><\/circle>\n    <\/svg>\n    <a class=\"fcb-link\" href=\"\/fr\/sinscrire\/\" target=\"_self\"\"><span class=\"fcb-text\" style=\"hyphens:none!important;-webkit-hyphens:none!important;-ms-hyphens:none!important;word-break:normal!important;overflow-wrap:normal!important; --fcb-vshift:-15%;\">\n        <span class=\"fcb-head\" style=\"width: 80%;\">Vous avez<br \/>des questions?<\/span>\n        <span class=\"fcb-sub\">Contacte-nous, nous t'aiderons.<\/span>\n     <\/span><\/a>  <\/span>\n  <\/div><\/div><\/div><\/div><\/div><\/div><\/section>\n","protected":false},"excerpt":{"rendered":"Les talents issus des professions ICT r\u00e9alisent r\u00e9guli\u00e8rement d'excellentes performances lors de nos concours. Lors des SwissSkills 2025, les m\u00e9diamaticiennes Jana St\u00f6ri et Elina von Fl\u00fceh ont remport\u00e9 la premi\u00e8re place, tandis que la deuxi\u00e8me place est revenue aux d\u00e9veloppeurs d'applications Kevin Willeit et Michael Epper. De nombreux vainqueurs des championnats r\u00e9gionaux et, bien s\u00fbr,...","protected":false},"author":1,"featured_media":0,"parent":0,"menu_order":0,"comment_status":"closed","ping_status":"closed","template":"","meta":{"_acf_changed":false,"_seopress_robots_primary_cat":"","_seopress_titles_title":"","_seopress_titles_desc":"","_seopress_robots_index":"","footnotes":""},"class_list":["post-2177","page","type-page","status-publish","hentry"],"acf":[],"_links":{"self":[{"href":"https:\/\/www.entrepreneurskills.ch\/fr\/wp-json\/wp\/v2\/pages\/2177","targetHints":{"allow":["GET"]}}],"collection":[{"href":"https:\/\/www.entrepreneurskills.ch\/fr\/wp-json\/wp\/v2\/pages"}],"about":[{"href":"https:\/\/www.entrepreneurskills.ch\/fr\/wp-json\/wp\/v2\/types\/page"}],"author":[{"embeddable":true,"href":"https:\/\/www.entrepreneurskills.ch\/fr\/wp-json\/wp\/v2\/users\/1"}],"replies":[{"embeddable":true,"href":"https:\/\/www.entrepreneurskills.ch\/fr\/wp-json\/wp\/v2\/comments?post=2177"}],"version-history":[{"count":4,"href":"https:\/\/www.entrepreneurskills.ch\/fr\/wp-json\/wp\/v2\/pages\/2177\/revisions"}],"predecessor-version":[{"id":3560,"href":"https:\/\/www.entrepreneurskills.ch\/fr\/wp-json\/wp\/v2\/pages\/2177\/revisions\/3560"}],"wp:attachment":[{"href":"https:\/\/www.entrepreneurskills.ch\/fr\/wp-json\/wp\/v2\/media?parent=2177"}],"curies":[{"name":"wp","href":"https:\/\/api.w.org\/{rel}","templated":true}]}}