{"id":2155,"date":"2025-09-16T12:43:38","date_gmt":"2025-09-16T10:43:38","guid":{"rendered":"https:\/\/www.entrepreneurskills.ch\/hall-of-fame\/"},"modified":"2025-12-06T03:08:17","modified_gmt":"2025-12-06T02:08:17","slug":"hall-of-fame","status":"publish","type":"page","link":"https:\/\/www.entrepreneurskills.ch\/fr\/hall-of-fame\/","title":{"rendered":"Hall of Fame"},"content":{"rendered":"<section class=\"l-section wpb_row u-reset hero-section-no-badge-below height_auto\"><div class=\"l-section-h i-cf\"><div class=\"g-cols vc_row via_flex valign_top type_default stacking_default\"><div class=\"vc_col-sm-12 wpb_column vc_column_container\"><div class=\"vc_column-inner\"><div class=\"wpb_wrapper\"><div class=\"wpb_text_column text-28pt font-heavy-italic text-box text-box--70 u-text-midnight-green font-line-height-13\"><div class=\"wpb_wrapper\"><h1>Hall of Fame<\/h1>\n<\/div><\/div><div class=\"w-separator size_small\"><\/div><div class=\"wpb_text_column text-19pt font-weight-black text-box text-box--70 u-text-midnight-green\"><div class=\"wpb_wrapper\"><p>T\u00e9moignages d&#8217;anciens finalistes.<\/p>\n<\/div><\/div><div class=\"w-separator size_small\"><\/div><div class=\"wpb_text_column text-16pt font-weight-regular text-box text-box--70 u-text-midnight-green\"><div class=\"wpb_wrapper\"><p>Ils ont particip\u00e9 \u2013 et ont accompli de grandes choses. Nous vous pr\u00e9sentons ici d&#8217;anciens participants, leurs exp\u00e9riences, leurs conclusions et leur parcours apr\u00e8s EntrepreneurSkills. Chaque histoire en est la preuve : l&#8217;esprit d&#8217;entreprise fonctionne.<\/p>\n<\/div><\/div><\/div><\/div><\/div><\/div><\/div><\/section><section class=\"l-section wpb_row u-bg-mangolia u-reset section-between-badge-sections height_auto\"><div class=\"l-section-h i-cf\"><div class=\"g-cols vc_row via_flex valign_top type_default stacking_default\"><div class=\"vc_col-sm-12 wpb_column vc_column_container\"><div class=\"vc_column-inner\"><div class=\"wpb_wrapper\"><div class=\"w-grid us_post_list contestant-grid type_grid layout_161 contestant-grid__item cols_3 pagination_load_on_btn preload_style_none\" id=\"us_post_list_nd2a\" style=\"--columns:3;--gap:1.5rem;\"><style>@media (max-width:1024px){#us_post_list_nd2a{--columns:2!important}}@media (max-width:600px){#us_post_list_nd2a{--columns:1!important}}.layout_161 .w-grid-item-h{}.layout_161 .usg_post_content_1{width:90%!important}<\/style><div class=\"w-grid-list\">\t<article class=\"w-grid-item size_1x1 post-1968 contestant type-contestant status-publish has-post-thumbnail hentry\" data-id=\"1968\">\r\n\t\t<div class=\"w-grid-item-h\">\r\n\t\t\t\t\t\t<div class=\"w-vwrapper usg_vwrapper_1 contestant-grid__item align_left valign_top\"><div class=\"w-post-elm post_image usg_post_image_1 contestant-grid__image u-radius-lg stretched\"><img loading=\"lazy\" decoding=\"async\" width=\"794\" height=\"1190\" src=\"https:\/\/www.entrepreneurskills.ch\/wp-content\/uploads\/2025\/10\/Jana-Stoeri-Elina-von-Flueeh-Mediamatikerinnen-EFZ-Gewinnerinnen-SwissSkills-2025-01.jpg\" class=\"attachment-full size-full wp-post-image\" alt=\"Jana St\u00f6ri &amp; Elina von Fl\u00fceh, m\u00e9diamaticiennes CFC, gagnantes des SwissSkills 2025\" srcset=\"https:\/\/www.entrepreneurskills.ch\/wp-content\/uploads\/2025\/10\/Jana-Stoeri-Elina-von-Flueeh-Mediamatikerinnen-EFZ-Gewinnerinnen-SwissSkills-2025-01.jpg 794w, https:\/\/www.entrepreneurskills.ch\/wp-content\/uploads\/2025\/10\/Jana-Stoeri-Elina-von-Flueeh-Mediamatikerinnen-EFZ-Gewinnerinnen-SwissSkills-2025-01-200x300.jpg 200w, https:\/\/www.entrepreneurskills.ch\/wp-content\/uploads\/2025\/10\/Jana-Stoeri-Elina-von-Flueeh-Mediamatikerinnen-EFZ-Gewinnerinnen-SwissSkills-2025-01-683x1024.jpg 683w\" sizes=\"auto, (max-width: 794px) 100vw, 794px\" \/><\/div><div class=\"w-post-elm post_title usg_post_title_1 contestant-grid__title u-text-midnight-green text-16pt align_left entry-title color_link_inherit\">Jana St\u00f6ri &#038; Elina von Fl\u00fceh, m\u00e9diamaticiennes CFC, gagnantes des SwissSkills 2025<\/div><div class=\"w-post-elm post_content usg_post_content_1 contestant-grid__content u-text-midnight-green text-19pt font-regular-italic font-line-height-12\"><p>Ce qui n&#8217;\u00e9tait au d\u00e9part qu&#8217;une id\u00e9e spontan\u00e9e s&#8217;est rapidement transform\u00e9e en une mission qui nous a occup\u00e9s jour et nuit ! Pendant cinq jours intenses, nous avons travaill\u00e9, nous nous sommes parfois inqui\u00e9t\u00e9s, nous avons appris et nous avons grandi ! Au fil des hauts et des bas de la comp\u00e9tition, notre esprit d&#8217;\u00e9quipe s&#8217;est renforc\u00e9 chaque jour. Se retrouver ensemble sur le podium est un moment que nous n&#8217;oublierons jamais !<\/p>\n<\/div><\/div>\t\t<\/div>\r\n\t\t\t<\/article>\r\n\t<article class=\"w-grid-item size_1x1 post-1955 contestant type-contestant status-publish has-post-thumbnail hentry\" data-id=\"1955\">\r\n\t\t<div class=\"w-grid-item-h\">\r\n\t\t\t\t\t\t<div class=\"w-vwrapper usg_vwrapper_1 contestant-grid__item align_left valign_top\"><div class=\"w-post-elm post_image usg_post_image_1 contestant-grid__image u-radius-lg stretched\"><img loading=\"lazy\" decoding=\"async\" width=\"794\" height=\"1190\" src=\"https:\/\/www.entrepreneurskills.ch\/wp-content\/uploads\/2025\/09\/Sebastien-Pasquier-Dessinateur-Constucteur-CFC-finaliste-2024-01.jpg\" class=\"attachment-full size-full wp-post-image\" alt=\"S\u00e9bastien Pasquier, Dessinateur Constucteur CFC, finaliste 2024\" srcset=\"https:\/\/www.entrepreneurskills.ch\/wp-content\/uploads\/2025\/09\/Sebastien-Pasquier-Dessinateur-Constucteur-CFC-finaliste-2024-01.jpg 794w, https:\/\/www.entrepreneurskills.ch\/wp-content\/uploads\/2025\/09\/Sebastien-Pasquier-Dessinateur-Constucteur-CFC-finaliste-2024-01-200x300.jpg 200w, https:\/\/www.entrepreneurskills.ch\/wp-content\/uploads\/2025\/09\/Sebastien-Pasquier-Dessinateur-Constucteur-CFC-finaliste-2024-01-683x1024.jpg 683w\" sizes=\"auto, (max-width: 794px) 100vw, 794px\" \/><\/div><div class=\"w-post-elm post_title usg_post_title_1 contestant-grid__title u-text-midnight-green text-16pt align_left entry-title color_link_inherit\">S\u00e9bastien Pasquier, Dessinateur Constucteur CFC, finaliste 2024<\/div><div class=\"w-post-elm post_content usg_post_content_1 contestant-grid__content u-text-midnight-green text-19pt font-regular-italic font-line-height-12\"><p>Ce concours est un excellent moyen de se lancer dans l\u2019entrepreneuriat. On travaille sur un projet concret, qu\u2019on peut m\u00eame d\u00e9velopper par la suite. L\u2019accompagnement est g\u00e9nial, les coachs sont tr\u00e8s comp\u00e9tents, ils nous challengent dans un bon \u00e9tat d\u2019esprit. L\u2019ambiance entre les participants est joyeuse et motivante. M\u00eame apr\u00e8s l\u2019\u00e9v\u00e9nement, on est tous rest\u00e9 en contact, c\u2019est donc une super opportunit\u00e9 d\u2019\u00e9largir son r\u00e9seau dans toutes la Suisse.<\/p>\n<\/div><\/div>\t\t<\/div>\r\n\t\t\t<\/article>\r\n\t<article class=\"w-grid-item size_1x1 post-1958 contestant type-contestant status-publish has-post-thumbnail hentry\" data-id=\"1958\">\r\n\t\t<div class=\"w-grid-item-h\">\r\n\t\t\t\t\t\t<div class=\"w-vwrapper usg_vwrapper_1 contestant-grid__item align_left valign_top\"><div class=\"w-post-elm post_image usg_post_image_1 contestant-grid__image u-radius-lg stretched\"><img loading=\"lazy\" decoding=\"async\" width=\"794\" height=\"1190\" src=\"https:\/\/www.entrepreneurskills.ch\/wp-content\/uploads\/2025\/09\/Alessandra-Maniezzo-Impiegata-di-commercio-AFC-finalista-2024-01.jpg\" class=\"attachment-full size-full wp-post-image\" alt=\"Alessandra Maniezzo, employ\u00e9e de commerce CFC, finaliste 2024\" srcset=\"https:\/\/www.entrepreneurskills.ch\/wp-content\/uploads\/2025\/09\/Alessandra-Maniezzo-Impiegata-di-commercio-AFC-finalista-2024-01.jpg 794w, https:\/\/www.entrepreneurskills.ch\/wp-content\/uploads\/2025\/09\/Alessandra-Maniezzo-Impiegata-di-commercio-AFC-finalista-2024-01-200x300.jpg 200w, https:\/\/www.entrepreneurskills.ch\/wp-content\/uploads\/2025\/09\/Alessandra-Maniezzo-Impiegata-di-commercio-AFC-finalista-2024-01-683x1024.jpg 683w\" sizes=\"auto, (max-width: 794px) 100vw, 794px\" \/><\/div><div class=\"w-post-elm post_title usg_post_title_1 contestant-grid__title u-text-midnight-green text-16pt align_left entry-title color_link_inherit\">Alessandra Maniezzo, employ\u00e9e de commerce CFC, finaliste 2024<\/div><div class=\"w-post-elm post_content usg_post_content_1 contestant-grid__content u-text-midnight-green text-19pt font-regular-italic font-line-height-12\"><p>Participer \u00e0 ce d\u00e9fi m&#8217;a beaucoup appris, j&#8217;esp\u00e8re qu&#8217;\u00e0 l&#8217;avenir beaucoup d&#8217;autres jeunes comme moi pourront saisir cette opportunit\u00e9 et vivre les \u00e9motions uniques que j&#8217;ai v\u00e9cues ! EntrepreneurSkills est une excellente occasion de se mettre \u00e0 l&#8217;\u00e9preuve, d\u2019\u00e9voluer et d\u2019exp\u00e9rimenter l&#8217;esprit d&#8217;entreprenariat avec de super coachs et professionnels \u00e0 vos c\u00f4t\u00e9s.<\/p>\n<\/div><\/div>\t\t<\/div>\r\n\t\t\t<\/article>\r\n\t<article class=\"w-grid-item size_1x1 post-1961 contestant type-contestant status-publish has-post-thumbnail hentry\" data-id=\"1961\">\r\n\t\t<div class=\"w-grid-item-h\">\r\n\t\t\t\t\t\t<div class=\"w-vwrapper usg_vwrapper_1 contestant-grid__item align_left valign_top\"><div class=\"w-post-elm post_image usg_post_image_1 contestant-grid__image u-radius-lg stretched\"><img loading=\"lazy\" decoding=\"async\" width=\"794\" height=\"1190\" src=\"https:\/\/www.entrepreneurskills.ch\/wp-content\/uploads\/2025\/09\/Eleonora-d-Onofrio-Impiegata-di-commercio-AFC-finalista-2022-01.jpg\" class=\"attachment-full size-full wp-post-image\" alt=\"Eleonora d&#039;Onofrio, employ\u00e9e de commerce CFC, finaliste 2022\" srcset=\"https:\/\/www.entrepreneurskills.ch\/wp-content\/uploads\/2025\/09\/Eleonora-d-Onofrio-Impiegata-di-commercio-AFC-finalista-2022-01.jpg 794w, https:\/\/www.entrepreneurskills.ch\/wp-content\/uploads\/2025\/09\/Eleonora-d-Onofrio-Impiegata-di-commercio-AFC-finalista-2022-01-200x300.jpg 200w, https:\/\/www.entrepreneurskills.ch\/wp-content\/uploads\/2025\/09\/Eleonora-d-Onofrio-Impiegata-di-commercio-AFC-finalista-2022-01-683x1024.jpg 683w\" sizes=\"auto, (max-width: 794px) 100vw, 794px\" \/><\/div><div class=\"w-post-elm post_title usg_post_title_1 contestant-grid__title u-text-midnight-green text-16pt align_left entry-title color_link_inherit\">Eleonora d&#8217;Onofrio, employ\u00e9e de commerce CFC, finaliste 2022<\/div><div class=\"w-post-elm post_content usg_post_content_1 contestant-grid__content u-text-midnight-green text-19pt font-regular-italic font-line-height-12\"><p>Ce fut une exp\u00e9rience incroyable ! Je recommande \u00e0 tout le monde de saisir cette occasion pour se lancer un d\u00e9fi et valoriser leurs id\u00e9es, en se mettant en jeu dans un contexte stimulant comme celui qui se cr\u00e9e pendant le concours !<\/p>\n<\/div><\/div>\t\t<\/div>\r\n\t\t\t<\/article>\r\n\t<article class=\"w-grid-item size_1x1 post-1964 contestant type-contestant status-publish has-post-thumbnail hentry\" data-id=\"1964\">\r\n\t\t<div class=\"w-grid-item-h\">\r\n\t\t\t\t\t\t<div class=\"w-vwrapper usg_vwrapper_1 contestant-grid__item align_left valign_top\"><div class=\"w-post-elm post_image usg_post_image_1 contestant-grid__image u-radius-lg stretched\"><img loading=\"lazy\" decoding=\"async\" width=\"794\" height=\"1190\" src=\"https:\/\/www.entrepreneurskills.ch\/wp-content\/uploads\/2025\/10\/Thomas-Colau-Electronicien-CFC-finaliste-2022-01.jpg\" class=\"attachment-full size-full wp-post-image\" alt=\"Thomas Colau, \u00c9lectronicien CFC, finaliste 2022\" srcset=\"https:\/\/www.entrepreneurskills.ch\/wp-content\/uploads\/2025\/10\/Thomas-Colau-Electronicien-CFC-finaliste-2022-01.jpg 794w, https:\/\/www.entrepreneurskills.ch\/wp-content\/uploads\/2025\/10\/Thomas-Colau-Electronicien-CFC-finaliste-2022-01-200x300.jpg 200w, https:\/\/www.entrepreneurskills.ch\/wp-content\/uploads\/2025\/10\/Thomas-Colau-Electronicien-CFC-finaliste-2022-01-683x1024.jpg 683w\" sizes=\"auto, (max-width: 794px) 100vw, 794px\" \/><\/div><div class=\"w-post-elm post_title usg_post_title_1 contestant-grid__title u-text-midnight-green text-16pt align_left entry-title color_link_inherit\">Thomas Colau, \u00c9lectronicien CFC, finaliste 2022<\/div><div class=\"w-post-elm post_content usg_post_content_1 contestant-grid__content u-text-midnight-green text-19pt font-regular-italic font-line-height-12\"><p>Pendant les SwissSkills, j&#8217;ai r\u00e9alis\u00e9 que l&#8217;entrepreneuriat ne se limite pas \u00e0 une seule d\u00e9finition. Il offre une multitude de possibilit\u00e9s d&#8217;action, guid\u00e9es par le d\u00e9sir d&#8217;aider son prochain avec les moyens \u00e0 notre disposition. Nous d\u00e9tenons toutes les cl\u00e9s pour fa\u00e7onner notre monde, gr\u00e2ce \u00e0 nos connaissances et nos comp\u00e9tences.<\/p>\n<\/div><\/div>\t\t<\/div>\r\n\t\t\t<\/article>\r\n\t<article class=\"w-grid-item size_1x1 post-1966 contestant type-contestant status-publish has-post-thumbnail hentry\" data-id=\"1966\">\r\n\t\t<div class=\"w-grid-item-h\">\r\n\t\t\t\t\t\t<div class=\"w-vwrapper usg_vwrapper_1 contestant-grid__item align_left valign_top\"><div class=\"w-post-elm post_image usg_post_image_1 contestant-grid__image u-radius-lg stretched\"><img loading=\"lazy\" decoding=\"async\" width=\"794\" height=\"1190\" src=\"https:\/\/www.entrepreneurskills.ch\/wp-content\/uploads\/2025\/10\/Elia-Luca-und-Nicolas-Nachname-und-Bezeichnung-fehlt-01.jpg\" class=\"attachment-full size-full wp-post-image\" alt=\"\" srcset=\"https:\/\/www.entrepreneurskills.ch\/wp-content\/uploads\/2025\/10\/Elia-Luca-und-Nicolas-Nachname-und-Bezeichnung-fehlt-01.jpg 794w, https:\/\/www.entrepreneurskills.ch\/wp-content\/uploads\/2025\/10\/Elia-Luca-und-Nicolas-Nachname-und-Bezeichnung-fehlt-01-200x300.jpg 200w, https:\/\/www.entrepreneurskills.ch\/wp-content\/uploads\/2025\/10\/Elia-Luca-und-Nicolas-Nachname-und-Bezeichnung-fehlt-01-683x1024.jpg 683w\" sizes=\"auto, (max-width: 794px) 100vw, 794px\" \/><\/div><div class=\"w-post-elm post_title usg_post_title_1 contestant-grid__title u-text-midnight-green text-16pt align_left entry-title color_link_inherit\">Elia-Luca Feltrin et Nicolas St\u00f6ckli, \u00e9lectroniciens CFC, finalistes SwissSkills 2025<\/div><div class=\"w-post-elm post_content usg_post_content_1 contestant-grid__content u-text-midnight-green text-19pt font-regular-italic font-line-height-12\"><p>Les journ\u00e9es pass\u00e9es \u00e0 SwissSkills 2025 en tant qu&#8217;entrepreneur ont \u00e9t\u00e9 bien plus qu&#8217;une simple comp\u00e9tition. Quatre longues journ\u00e9es remplies de travail, d&#8217;adr\u00e9naline avant le pitch, de rencontres avec des personnes inspirantes \u2013 et le sentiment d&#8217;avoir d\u00e9pass\u00e9 ses propres limites ! Pour nous, une chose est claire : SwissSkills n&#8217;\u00e9tait pas l&#8217;objectif, mais seulement le commencement !<\/p>\n<\/div><\/div>\t\t<\/div>\r\n\t\t\t<\/article>\r\n<\/div><div class=\"g-loadmore hidden\"><div class=\"g-preloader type_1\"><div><\/div><\/div><button class=\"w-btn us-btn-style_1 general-button\" type=\"button\"><span class=\"w-btn-label\">Carica altri concorrenti<\/span><\/button><\/div><div class=\"w-grid-list-json hidden\" onclick='return {&quot;max_num_pages&quot;:1,&quot;paginationBase&quot;:&quot;page&quot;,&quot;pagination&quot;:&quot;load_on_btn&quot;,&quot;paged&quot;:1,&quot;ajaxData&quot;:{&quot;action&quot;:&quot;us_ajax_post_list&quot;,&quot;meta_type&quot;:&quot;post&quot;,&quot;object_id&quot;:0,&quot;template_vars&quot;:{&quot;shortcode_base&quot;:&quot;us_post_list&quot;,&quot;paged&quot;:1,&quot;max_num_pages&quot;:1,&quot;no_results&quot;:false,&quot;us_post_content_design_css&quot;:[],&quot;found_posts&quot;:6,&quot;per_page&quot;:6,&quot;items_count&quot;:6,&quot;orderby_random_seed&quot;:null,&quot;source&quot;:&quot;all&quot;,&quot;custom_field_name&quot;:&quot;&quot;,&quot;ids&quot;:&quot;&quot;,&quot;post_type&quot;:&quot;contestant&quot;,&quot;attachment_ids&quot;:null,&quot;include_post_thumbnail&quot;:0,&quot;post_author&quot;:&quot;any&quot;,&quot;post_author_ids&quot;:&quot;&quot;,&quot;apply_url_params&quot;:0,&quot;ignore_sticky_posts&quot;:1,&quot;exclude_children&quot;:0,&quot;exclude_current_post&quot;:1,&quot;exclude_prev_posts&quot;:0,&quot;exclude_past_events&quot;:0,&quot;enable_items_offset&quot;:0,&quot;items_offset&quot;:&quot;1&quot;,&quot;tax_query_relation&quot;:&quot;none&quot;,&quot;tax_query&quot;:[{&quot;operator&quot;:&quot;IN&quot;,&quot;taxonomy&quot;:&quot;category&quot;,&quot;terms&quot;:&quot;&quot;,&quot;include_children&quot;:0}],&quot;meta_query_relation&quot;:&quot;none&quot;,&quot;meta_query&quot;:[{&quot;key&quot;:&quot;custom_field_name&quot;,&quot;compare&quot;:&quot;=&quot;,&quot;value&quot;:&quot;&quot;}],&quot;orderby&quot;:&quot;menu_order&quot;,&quot;orderby_custom_field&quot;:&quot;&quot;,&quot;orderby_custom_type&quot;:0,&quot;order_invert&quot;:0,&quot;show_all&quot;:0,&quot;quantity&quot;:&quot;6&quot;,&quot;posts_per_archive_page&quot;:0,&quot;no_items_action&quot;:&quot;message&quot;,&quot;no_items_message&quot;:&quot;No results found.&quot;,&quot;no_items_page_block&quot;:&quot;&quot;,&quot;pagination&quot;:&quot;load_on_btn&quot;,&quot;pagination_style&quot;:&quot;&quot;,&quot;pagination_btn_text&quot;:&quot;Carica altri concorrenti&quot;,&quot;pagination_btn_size&quot;:&quot;&quot;,&quot;pagination_btn_style&quot;:&quot;1&quot;,&quot;pagination_btn_fullwidth&quot;:0,&quot;items_layout&quot;:&quot;161&quot;,&quot;type&quot;:&quot;grid&quot;,&quot;items_valign&quot;:0,&quot;ignore_items_size&quot;:0,&quot;columns&quot;:&quot;3&quot;,&quot;items_gap&quot;:&quot;1.5rem&quot;,&quot;load_animation&quot;:&quot;none&quot;,&quot;items_preload_style&quot;:&quot;none&quot;,&quot;img_size&quot;:&quot;default&quot;,&quot;title_size&quot;:&quot;&quot;,&quot;items_ratio&quot;:&quot;default&quot;,&quot;items_ratio_width&quot;:&quot;21&quot;,&quot;items_ratio_height&quot;:&quot;9&quot;,&quot;overriding_link&quot;:&quot;%7B%22url%22%3A%22%22%7D&quot;,&quot;popup_page_template&quot;:&quot;0&quot;,&quot;popup_width&quot;:&quot;&quot;,&quot;popup_arrows&quot;:1,&quot;breakpoint_1_width&quot;:&quot;1381px&quot;,&quot;breakpoint_1_cols&quot;:&quot;default&quot;,&quot;breakpoint_1_quantity&quot;:&quot;&quot;,&quot;breakpoint_1_gap&quot;:&quot;&quot;,&quot;breakpoint_2_width&quot;:&quot;1025px&quot;,&quot;breakpoint_2_cols&quot;:&quot;2&quot;,&quot;breakpoint_2_quantity&quot;:&quot;&quot;,&quot;breakpoint_2_gap&quot;:&quot;&quot;,&quot;breakpoint_3_width&quot;:&quot;601px&quot;,&quot;breakpoint_3_cols&quot;:&quot;1&quot;,&quot;breakpoint_3_quantity&quot;:&quot;&quot;,&quot;breakpoint_3_gap&quot;:&quot;&quot;,&quot;conditions_operator&quot;:&quot;always&quot;,&quot;conditions&quot;:[],&quot;css&quot;:null,&quot;el_class&quot;:&quot;contestant-grid&quot;,&quot;el_id&quot;:&quot;&quot;,&quot;enable_custom_html_atts&quot;:0,&quot;custom_html_atts&quot;:null,&quot;hide_on_states&quot;:&quot;&quot;,&quot;hide_for_sticky&quot;:0,&quot;hide_for_not_sticky&quot;:0,&quot;hide_below&quot;:&quot;0px&quot;,&quot;hide_above&quot;:&quot;0px&quot;,&quot;classes&quot;:&quot; contestant-grid&quot;},&quot;found_posts&quot;:6,&quot;per_page&quot;:6},&quot;facetedFilter&quot;:[]}'><\/div><\/div><\/div><\/div><\/div><\/div><\/div><\/section><section class=\"l-section wpb_row u-bg-eminence u-reset section-normal height_auto\"><div class=\"l-section-h i-cf\"><div class=\"g-cols vc_row via_flex valign_top type_default stacking_default\"><div class=\"vc_col-sm-12 wpb_column vc_column_container\"><div class=\"vc_column-inner\"><div class=\"wpb_wrapper\"><div class=\"w-hwrapper special-contact-wrapper valign_top align_none\" style=\"--hwrapper-gap:0rem\"><div class=\"w-vwrapper align_none valign_top\" style=\"--vwrapper-gap:0rem\"><div class=\"wpb_text_column text-24pt font-heavy-italic u-text-white font-line-height-12\"><div class=\"wpb_wrapper\"><p>Tu n&#8217;as pas d&#8217;id\u00e9e ? Pas de probl\u00e8me ! Nous t&#8217;accompagnons.<\/p>\n<\/div><\/div><div class=\"w-separator size_small\"><\/div><div class=\"wpb_text_column text-19pt font-weight-black u-text-white font-line-height-12\"><div class=\"wpb_wrapper\"><p>Appelez-nous ou \u00e9crivez-nous,<br \/>\nnous serons ravis de vous aider.<\/p>\n<\/div><\/div><div class=\"w-separator size_small\"><\/div><div class=\"wpb_text_column text-16pt font-regular u-text-white font-line-height-14\"><div class=\"wpb_wrapper\"><p>Votre interlocutrice : Anna-Leena Marti,<br \/>\nchef de projet EntrepreneurSkills<\/p>\n<\/div><\/div><div class=\"w-separator size_small\"><\/div><div class=\"w-html inner-special-contact-wrapper\"><a href=\"mailto:info@entrepreneurskills.ch\" class=\"social-circle\" target=\"_blank\" rel=\"noopener noreferrer\" style=\"--sc-size:37.8px;--sc-bg:var(--pumpkin-grad);--sc-icon:var(--color-white, #FFFFFF);--sc-hover-bg:var(--color-pumpkin, #f58138);--sc-hover-icon:var(--color-white, #FFFFFF);\" aria-label=\"Envoyez-nous un e-mail\"><i class=\"fas fa-envelope\" aria-hidden=\"true\"><\/i><\/a>\n<a href=\"tel:+41797764167\" class=\"social-circle\" target=\"_blank\" rel=\"noopener noreferrer\" style=\"--sc-size:37.8px;--sc-bg:var(--pumpkin-grad);--sc-icon:var(--color-white, #FFFFFF);--sc-hover-bg:var(--color-pumpkin, #f58138);--sc-hover-icon:var(--color-white, #FFFFFF);\" aria-label=\"Appelez-nous\"><i class=\"fas fa-phone\" aria-hidden=\"true\"><\/i><\/a><\/div><\/div><div class=\"w-vwrapper align_none valign_top\" style=\"--vwrapper-gap:0rem\"><div class=\"w-image u-radius-lg u-spez-img-size u-spez-bg team-member__image align_center\"><div class=\"w-image-h\"><img decoding=\"async\" width=\"853\" height=\"1280\" src=\"https:\/\/www.entrepreneurskills.ch\/wp-content\/uploads\/2025\/11\/Anna-Leena-Marti-CTA-02.png\" class=\"attachment-full size-full\" alt=\"Anna-Leena Marti\" loading=\"lazy\" srcset=\"https:\/\/www.entrepreneurskills.ch\/wp-content\/uploads\/2025\/11\/Anna-Leena-Marti-CTA-02.png 853w, https:\/\/www.entrepreneurskills.ch\/wp-content\/uploads\/2025\/11\/Anna-Leena-Marti-CTA-02-200x300.png 200w, https:\/\/www.entrepreneurskills.ch\/wp-content\/uploads\/2025\/11\/Anna-Leena-Marti-CTA-02-682x1024.png 682w\" sizes=\"auto, (max-width: 853px) 100vw, 853px\" \/><\/div><\/div><\/div><\/div><\/div><\/div><\/div><\/div><\/div><\/section><section class=\"l-section wpb_row footer-cta-row u-reset u-pt-xl height_auto\"><div class=\"l-section-h i-cf\"><div class=\"g-cols vc_row via_flex valign_top type_default stacking_default\"><div class=\"vc_col-sm-12 wpb_column vc_column_container\"><div class=\"vc_column-inner\"><div class=\"wpb_wrapper\"><div class=\"w-html footer-cta-anchor\">  <span class=\"full-circle-badge \" id=\"fcb_69f5e11d1e165\" style=\"--fcb-size:220px\">\n    <svg class=\"fcb-svg\" viewBox=\"0 0 220 220\" width=\"220\" height=\"220\" aria-hidden=\"true\" role=\"img\">\n      <defs>\n        <!-- center-rotated gradient -->\n        <linearGradient id=\"fcb_69f5e11d1e165_grad\" x1=\"0%\" y1=\"100%\" x2=\"100%\" y2=\"-25%\"\n          gradientTransform=\"rotate(18, 0.5, 0.5)\">\n          <stop offset=\"0%\"   stop-color=\"#642875\"\/>\n          <stop offset=\"35%\"   stop-color=\"#642875\"\/>\n          <stop offset=\"100%\" stop-color=\"#cdbfd3\"\/>\n        <\/linearGradient>\n      <\/defs>\n      <circle cx=\"110\" cy=\"110\" r=\"110\" fill=\"url(#fcb_69f5e11d1e165_grad)\"><\/circle>\n    <\/svg>\n    <a class=\"fcb-link\" href=\"\/fr\/sinscrire\/\" target=\"_self\"\"><span class=\"fcb-text\" style=\"hyphens:none!important;-webkit-hyphens:none!important;-ms-hyphens:none!important;word-break:normal!important;overflow-wrap:normal!important; --fcb-vshift:-15%;\">\n        <span class=\"fcb-head\" style=\"width: 100%;\">Encore<br \/>des questions ?<\/span>\n        <span class=\"fcb-sub\">Contacte-nous, on t'aidera.<\/span>\n     <\/span><\/a>  <\/span>\n  <\/div><\/div><\/div><\/div><\/div><\/div><\/section>\n","protected":false},"excerpt":{"rendered":"Les journ\u00e9es pass\u00e9es \u00e0 SwissSkills 2025 en tant qu'entrepreneur ont \u00e9t\u00e9 bien plus qu'une simple comp\u00e9tition. Quatre longues journ\u00e9es remplies de travail, d'adr\u00e9naline avant le pitch, de rencontres avec des personnes inspirantes \u2013 et le sentiment d'avoir d\u00e9pass\u00e9 ses propres limites ! Pour nous, une chose est claire : SwissSkills n'\u00e9tait pas l'objectif, mais seulement...","protected":false},"author":1,"featured_media":3547,"parent":0,"menu_order":0,"comment_status":"closed","ping_status":"closed","template":"","meta":{"_acf_changed":false,"_seopress_robots_primary_cat":"","_seopress_titles_title":"Hall of Fame: Histoires de succ\u00e8s talents","_seopress_titles_desc":"L'esprit d'entreprise est efficace : d'anciens participants racontent leurs exp\u00e9riences, leurs d\u00e9couvertes et leur parcours apr\u00e8s EntrepreneurSkills.","_seopress_robots_index":"","footnotes":""},"class_list":["post-2155","page","type-page","status-publish","has-post-thumbnail","hentry"],"acf":[],"_links":{"self":[{"href":"https:\/\/www.entrepreneurskills.ch\/fr\/wp-json\/wp\/v2\/pages\/2155","targetHints":{"allow":["GET"]}}],"collection":[{"href":"https:\/\/www.entrepreneurskills.ch\/fr\/wp-json\/wp\/v2\/pages"}],"about":[{"href":"https:\/\/www.entrepreneurskills.ch\/fr\/wp-json\/wp\/v2\/types\/page"}],"author":[{"embeddable":true,"href":"https:\/\/www.entrepreneurskills.ch\/fr\/wp-json\/wp\/v2\/users\/1"}],"replies":[{"embeddable":true,"href":"https:\/\/www.entrepreneurskills.ch\/fr\/wp-json\/wp\/v2\/comments?post=2155"}],"version-history":[{"count":5,"href":"https:\/\/www.entrepreneurskills.ch\/fr\/wp-json\/wp\/v2\/pages\/2155\/revisions"}],"predecessor-version":[{"id":3222,"href":"https:\/\/www.entrepreneurskills.ch\/fr\/wp-json\/wp\/v2\/pages\/2155\/revisions\/3222"}],"wp:featuredmedia":[{"embeddable":true,"href":"https:\/\/www.entrepreneurskills.ch\/fr\/wp-json\/wp\/v2\/media\/3547"}],"wp:attachment":[{"href":"https:\/\/www.entrepreneurskills.ch\/fr\/wp-json\/wp\/v2\/media?parent=2155"}],"curies":[{"name":"wp","href":"https:\/\/api.w.org\/{rel}","templated":true}]}}